{"id":4051,"date":"2019-01-04T10:28:00","date_gmt":"2019-01-04T09:28:00","guid":{"rendered":"https:\/\/egetuerk.vorschau.xyz\/historie\/"},"modified":"2023-03-13T16:14:05","modified_gmt":"2023-03-13T15:14:05","slug":"tari%cc%87hce","status":"publish","type":"page","link":"https:\/\/www.egetuerk.de\/tr\/tari%cc%87hce\/","title":{"rendered":"Tarih\u00e7e"},"content":{"rendered":"\n<h2>\n\t\tBenzersiz bir ba\u015far\u0131 hikayesi\n\t<\/h2>\n\t<p>Muhte\u015fem bir fikrin nas\u0131l d\u00fcnyaca sevilen bir markaya d\u00f6n\u00fc\u015ft\u00fc\u011f\u00fcn\u00fc ve Eget\u00fcrk \u00fcr\u00fcnlerinin \u00e7ok \u00f6zel tad\u0131n\u0131n arkas\u0131nda yatan s\u0131rr\u0131 burada anlat\u0131yoruz.<\/p>\n        <img decoding=\"async\" src=\"https:\/\/www.egetuerk.de\/wp-content\/uploads\/2019\/02\/1966.jpg\" ><img decoding=\"async\" src=\"https:\/\/www.egetuerk.de\/wp-content\/uploads\/2019\/02\/1983.jpg\" ><img decoding=\"async\" src=\"https:\/\/www.egetuerk.de\/wp-content\/uploads\/2019\/02\/1989.jpg\" ><img decoding=\"async\" src=\"https:\/\/www.egetuerk.de\/wp-content\/uploads\/2019\/02\/1993.jpg\" ><img decoding=\"async\" src=\"https:\/\/www.egetuerk.de\/wp-content\/uploads\/2019\/02\/2000.jpg\" >    \n19661983198919932019\n                <img src=' https:\/\/www.egetuerk.de\/wp-content\/uploads\/2018\/12\/start.jpg' \/>\n                    1966\n                    <h2>\n                        \u0130zmir Hakiki T\u00fcrk Sucuklar\u0131                     <\/h2>\n                    \n                        <p>Almanya\u2019ya ilk gelen misafir i\u015f\u00e7iler, al\u0131\u015f\u0131k olduklar\u0131 T\u00fcrk yiyeceklerini burada bulamamaktan \u00e7ok \u015fikayet\u00e7idirler. Bu \u015fikayetler kurucumuz Burhan \u00d6ng\u00f6ren\u2019in akl\u0131na muhte\u015fem bir fikir getirir. Memleketi olan \u0130zmir\u2019e gider ve birka\u00e7 g\u00fcn i\u00e7inde helva ve sucu\u011fun nas\u0131l yap\u0131ld\u0131\u011f\u0131n\u0131 \u00f6\u011frenir. Tariflerini \u00e7antas\u0131na koyar ve Almanya\u2019ya d\u00f6ner. \u00d6nce helva \u00fcretmeye ba\u015flayan Burhan Bey, sucu\u011fa talebin daha fazla oldu\u011funu g\u00f6r\u00fcnce ak\u015famlar\u0131 bir kasaptan kiralad\u0131\u011f\u0131 makinelerle sucuk \u00fcretimini de ba\u015flat\u0131r. Ba\u015flarda g\u00fcnde 20 kilo sucuk \u00fcretir. Etiketlerin \u00fczerinde \u201c\u0130zmir Hakiki T\u00fcrk Sucuklar\u0131\u201d yazar.                    <\/p>\n                    1967\n                    <h2>\n                        Durdurulamayan y\u00fckseli\u015f                    <\/h2>\n                    \n                        <p>\u00c7ok ge\u00e7meden K\u00f6ln\u2019de \u00e7ok lezzetli T\u00fcrk sucuklar\u0131 \u00fcretildi\u011fi kulaktan kula\u011fa yay\u0131l\u0131r. Sucu\u011fa olan talep muazzam bir \u015fekilde artar. Bu taleplere art\u0131k tek ba\u015f\u0131na cevap veremeyen Burhan Bey, yan\u0131na elemanlar alarak art\u0131k i\u015f\u00e7ilikten i\u015f adaml\u0131\u011f\u0131na ge\u00e7er.                    <\/p>\n                <img src=' https:\/\/www.egetuerk.de\/wp-content\/uploads\/2019\/02\/bild344.jpg' \/>\n                <img src=' https:\/\/www.egetuerk.de\/wp-content\/uploads\/2019\/02\/Bildschirmfoto-2019-02-15-um-00.49.07-1.png' \/>\n                    1970\n                    <h2>\n                        Misafir i\u015f\u00e7i art\u0131\u015f\u0131                    <\/h2>\n                    \n                        <p>Almanya\u2019daki T\u00fcrk i\u015f\u00e7ilerin say\u0131s\u0131 \u00e7o\u011fald\u0131k\u00e7a T\u00fcrk yiyeceklerine olan talep de artar. \u201c\u0130zmir Hakiki T\u00fcrk Sucuklar\u0131\u201dn\u0131n \u00fcn\u00fc art\u0131k t\u00fcm Almanya\u2019ya yay\u0131lm\u0131\u015ft\u0131r. Talep o kadar \u00e7o\u011fal\u0131r ki tatl\u0131 \u00fcretimi durdurarak, sadece sucuk \u00fcretmeye ba\u015flan\u0131r.                    <\/p>\n                    1972\n                    <h2>\n                        Art\u0131k b\u00fcy\u00fcme zaman\u0131                    <\/h2>\n                    \n                        <p>Artan talebe cevap verebilmek i\u00e7in Burhan Bey, K\u00f6ln-D\u00fcnnwald\u2019da bir fabrika kiralar. Bu fabrikada g\u00fcnde tonlarca sucuk \u00fcretilir. Ancak bu yar\u0131 mekanik \u00e7\u00f6z\u00fcm de k\u0131sa bir s\u00fcre sonra artan talebi kar\u015f\u0131lamak i\u00e7in yetersiz kal\u0131r.                    <\/p>\n                <img src=' https:\/\/www.egetuerk.de\/wp-content\/uploads\/2018\/12\/bild76.jpg' \/>\n                <img src=' https:\/\/www.egetuerk.de\/wp-content\/uploads\/2018\/12\/Egetuerk_logo2.jpg' \/>\n                    1972\n                    <h2>\n                        Ve bir d\u00fcnya markas\u0131 do\u011far                    <\/h2>\n                    \n                        <p>Bu s\u0131ralarda T\u00fcrkiye ile Yunanistan aras\u0131nda, Ege Denizi anla\u015fmazl\u0131\u011f\u0131 patlak verir. Bir sohbet s\u0131ras\u0131nda Burhan Bey \u201cEge T\u00fcrk\u2019t\u00fcr!\u201d diyerek yumru\u011funu masaya indirir. Bir anl\u0131k tepkiyle s\u00f6ylenmi\u015f bu kelimeler art\u0131k \u201cEget\u00fcrk\u201d markas\u0131n\u0131n ad\u0131d\u0131r.                    <\/p>\n                    1974\n                    <h2>\n                        Sucuk a\u011fac\u0131                    <\/h2>\n                    \n                        <p>T\u0131pk\u0131 bir a\u011fac\u0131n \u00fczerindeki meyveler gibi, sucu\u011fun da olgunla\u015fmas\u0131 i\u00e7in zamana ihtiyac\u0131 vard\u0131r. Bu fikirden yola \u00e7\u0131karak ola\u011fan\u00fcst\u00fc bir fuar stand\u0131 tasarlan\u0131r. Dallar\u0131nda tam 3 ton sucuk as\u0131l\u0131 dev bir a\u011fa\u00e7 yarat\u0131l\u0131r! B\u00f6ylece d\u00fcnyan\u0131n \u00e7e\u015fitli yerlerinden fuara gelen ziyaret\u00e7iler Eget\u00fcrk sucuklar\u0131n\u0131n lezzeti ile tan\u0131\u015f\u0131r.                    <\/p>\n                <img src=' https:\/\/www.egetuerk.de\/wp-content\/uploads\/2018\/12\/1_2_5_c_bild231_2.jpg' \/>\n                <img src=' https:\/\/www.egetuerk.de\/wp-content\/uploads\/2018\/12\/bild187.jpg' \/>\n                    1979\n                    <h2>\n                        Eget\u00fcrk d\u00fcnyaya a\u00e7\u0131l\u0131r                    <\/h2>\n                    \n                        <p>\u015eirket tarihinin ilk ihracat\u0131 Kuveyt\u2019e yap\u0131l\u0131r. Uluslararas\u0131 arenaya yap\u0131lan hamle ba\u015far\u0131yla ger\u00e7ekle\u015fmi\u015ftir.                    <\/p>\n                    1980\n                    <h2>\n                        Avrupa\u2019daki en b\u00fcy\u00fck T\u00fcrk fabrikas\u0131                     <\/h2>\n                    \n                        <p>Bug\u00fcnk\u00fc fabrikan\u0131n temelleri K\u00f6ln-Feldkassel\u2019da at\u0131l\u0131r. Bunu izleyen y\u0131llarda fabrika 70.000 m\u00b2\u2019lik bir alana yay\u0131l\u0131r.                    <\/p>\n                <img src=' https:\/\/www.egetuerk.de\/wp-content\/uploads\/2018\/12\/fabrika.jpg' \/>\n                <img src=' https:\/\/www.egetuerk.de\/wp-content\/uploads\/2018\/12\/EGE_0282_dilimleme-1.jpg' \/>\n                    2000\n                    <h2>\n                        Lezzetler \u00e7e\u015fitleniyor                    <\/h2>\n                    \n                        <p>Eget\u00fcrk s\u00fcrekli b\u00fcy\u00fcmeye devam ederek fabrika kapasitesini art\u0131r\u0131r ve klasik \u00fcr\u00fcnlere 45 yeni \u00fcr\u00fcn daha eklenir. \u00dcr\u00fcnler dilimlenmi\u015f porsiyonlar ve \u00e7ok \u00f6zel tatlar\u0131 ile t\u00fcketiciyi cezbeder.                    <\/p>\n                    2004\n                    <h2>\n                        Bayrak art\u0131k sonraki ku\u015fakta                    <\/h2>\n                    \n<p>Eget\u00fcrk \u00fcr\u00fcnlerini kaliteden ve lezzetten taviz vermeden d\u00fcnya \u00e7ap\u0131nda sevdiren Burhan Bey, Eget\u00fcrk markas\u0131n\u0131 daha da ileriye g\u00f6t\u00fcrmek i\u00e7in \u015firketin ba\u015f\u0131na ye\u011feni Ahmet Eden\u2019i Genel M\u00fcd\u00fcr olarak atar.<\/p>\n                    \n                <img src=' https:\/\/www.egetuerk.de\/wp-content\/uploads\/2023\/03\/Egetuerk-HerrOengoeren_HerrEden-scaled.jpg' \/>\n2019\n<h2>\n\t\tEget\u00fcrk Bug\u00fcn\n\t<\/h2>\n\t\t\t\t<img decoding=\"async\" src=\"https:\/\/www.egetuerk.de\/wp-content\/uploads\/2019\/02\/produkte.svg\" alt=\"produkte\" itemprop=\"image\" height=\"\" width=\"\" title=\"produkte\" onerror=\"this.style.display='none'\"  \/>\n\t\t49\n\t\t\t\t\t\u00dcr\u00fcn\n\t\t\t\t<img decoding=\"async\" src=\"https:\/\/www.egetuerk.de\/wp-content\/uploads\/2019\/02\/mitarbeiter.svg\" alt=\"mitarbeiter\" itemprop=\"image\" height=\"\" width=\"\" title=\"mitarbeiter\" onerror=\"this.style.display='none'\"  \/>\n\t\t170\n\t\t\t\t\tEleman\n\t\t\t\t<img decoding=\"async\" src=\"https:\/\/www.egetuerk.de\/wp-content\/uploads\/2019\/02\/firmengelaende.svg\" alt=\"firmengelaende\" itemprop=\"image\" height=\"\" width=\"\" title=\"firmengelaende\" onerror=\"this.style.display='none'\"  \/>\n\t\t70,000\n\t\t\t\t\t m\u00b2 Tesis Alan\u0131\n<!--\n-->\n        TesisimizFabrika turuGelin birlikte K\u00f6ln\u2019deki fabrikam\u0131z\u0131 gezelim.<a href=\"https:\/\/www.egetuerk.de\/tr\/tesi%cc%87si%cc%87mi%cc%87z\/\">Tesisimiz<\/a>    \n\t\t\t\t<img loading=\"lazy\" decoding=\"async\" src=\"https:\/\/www.egetuerk.de\/wp-content\/uploads\/2018\/08\/logo.svg\" alt=\"logo\" itemprop=\"image\" height=\"690\" width=\"1024\" title=\"logo\" onerror=\"this.style.display='none'\"  \/>\n<h3>\n\t\t<br> \n\t<\/h3>\n\t<strong>EGET\u00dcRK <\/strong><strong>WURST- UND<\/strong><br \/>\n<strong>FLEISCHWAREN\u00adFABRIKATION<\/strong><br \/>\n<strong>GMBH &amp; CO. KG<\/strong>\n<h3>\n\t\tAdres\n\t<\/h3>\n\tFeldkasseler Weg 5<br \/>\n50769 K\u00f6ln<br \/>\nAlmanya\n<h3>\n\t\t\u0130leti\u015fim\n\t<\/h3>\n\tTelefon: +49 (0) 221 \/ 709 29 &#8211; 0<br \/>\nFaks: +49 (0) 221 \/ 700 23 78<br \/>\nE-Posta: <strong><a href=\"mailto:info@egetuerk.de\">info@egetuerk.de<\/a><\/strong>\n\t<p>\u00a9 2026. T\u00fcm haklar\u0131 sakl\u0131d\u0131r. <div class=\"menu-footer_legal-tuerkisch-container\"><ul id=\"menu-footer_legal-tuerkisch\" class=\"menu\"><li id=\"menu-item-4061\" class=\"menu-item menu-item-type-post_type menu-item-object-page menu-item-4061\"><a href=\"https:\/\/www.egetuerk.de\/tr\/yasal-bilgiler\/\">Yasal Bilgiler<\/a><\/li>\n<li id=\"menu-item-4062\" class=\"menu-item menu-item-type-post_type menu-item-object-page menu-item-4062\"><a href=\"https:\/\/www.egetuerk.de\/tr\/guevenlik-ve-gizlilik\/\">G\u00fcvenlik ve Gizlilik<\/a><\/li>\n<\/ul><\/div><\/p>\n","protected":false},"excerpt":{"rendered":"<p>Muhte\u015fem bir fikrin nas\u0131l d\u00fcnyaca sevilen bir markaya d\u00f6n\u00fc\u015ft\u00fc\u011f\u00fcn\u00fc ve Eget\u00fcrk \u00fcr\u00fcnlerinin \u00e7ok \u00f6zel tad\u0131n\u0131n arkas\u0131nda yatan s\u0131rr\u0131 burada anlat\u0131yoruz&#8230;<\/p>\n","protected":false},"author":1,"featured_media":0,"parent":0,"menu_order":0,"comment_status":"closed","ping_status":"closed","template":"","meta":{"_acf_changed":false,"inline_featured_image":false,"footnotes":""},"class_list":["post-4051","page","type-page","status-publish","hentry"],"acf":[],"yoast_head":"<!-- This site is optimized with the Yoast SEO plugin v27.2 - https:\/\/yoast.com\/product\/yoast-seo-wordpress\/ -->\n<title>Tarih\u00e7e | Egetu\u0308rk<\/title>\n<meta name=\"robots\" content=\"index, follow, max-snippet:-1, max-image-preview:large, max-video-preview:-1\" \/>\n<link rel=\"canonical\" href=\"https:\/\/www.egetuerk.de\/tr\/tari\u0307hce\/\" \/>\n<meta property=\"og:locale\" content=\"tr_TR\" \/>\n<meta property=\"og:type\" content=\"article\" \/>\n<meta property=\"og:title\" content=\"Tarih\u00e7e | Egetu\u0308rk\" \/>\n<meta property=\"og:description\" content=\"Muhte\u015fem bir fikrin nas\u0131l d\u00fcnyaca sevilen bir markaya d\u00f6n\u00fc\u015ft\u00fc\u011f\u00fcn\u00fc ve Eget\u00fcrk \u00fcr\u00fcnlerinin \u00e7ok \u00f6zel tad\u0131n\u0131n arkas\u0131nda yatan s\u0131rr\u0131 burada anlat\u0131yoruz...\" \/>\n<meta property=\"og:url\" content=\"https:\/\/www.egetuerk.de\/tr\/tari\u0307hce\/\" \/>\n<meta property=\"og:site_name\" content=\"Eget\u00fcrk\" \/>\n<meta property=\"article:modified_time\" content=\"2023-03-13T15:14:05+00:00\" \/>\n<meta property=\"og:image\" content=\"https:\/\/www.egetuerk.de\/wp-content\/uploads\/2019\/02\/1966.jpg\" \/>\n<meta name=\"twitter:card\" content=\"summary_large_image\" \/>\n<meta name=\"twitter:label1\" content=\"Tahmini okuma s\u00fcresi\" \/>\n\t<meta name=\"twitter:data1\" content=\"3 dakika\" \/>\n<script type=\"application\/ld+json\" class=\"yoast-schema-graph\">{\"@context\":\"https:\/\/schema.org\",\"@graph\":[{\"@type\":\"WebPage\",\"@id\":\"https:\/\/www.egetuerk.de\/tr\/tari%cc%87hce\/\",\"url\":\"https:\/\/www.egetuerk.de\/tr\/tari%cc%87hce\/\",\"name\":\"Tarih\u00e7e | Egetu\u0308rk\",\"isPartOf\":{\"@id\":\"https:\/\/www.egetuerk.de\/#website\"},\"primaryImageOfPage\":{\"@id\":\"https:\/\/www.egetuerk.de\/tr\/tari%cc%87hce\/#primaryimage\"},\"image\":{\"@id\":\"https:\/\/www.egetuerk.de\/tr\/tari%cc%87hce\/#primaryimage\"},\"thumbnailUrl\":\"https:\/\/www.egetuerk.de\/wp-content\/uploads\/2019\/02\/1966.jpg\",\"datePublished\":\"2019-01-04T09:28:00+00:00\",\"dateModified\":\"2023-03-13T15:14:05+00:00\",\"breadcrumb\":{\"@id\":\"https:\/\/www.egetuerk.de\/tr\/tari%cc%87hce\/#breadcrumb\"},\"inLanguage\":\"tr\",\"potentialAction\":[{\"@type\":\"ReadAction\",\"target\":[\"https:\/\/www.egetuerk.de\/tr\/tari%cc%87hce\/\"]}]},{\"@type\":\"ImageObject\",\"inLanguage\":\"tr\",\"@id\":\"https:\/\/www.egetuerk.de\/tr\/tari%cc%87hce\/#primaryimage\",\"url\":\"https:\/\/www.egetuerk.de\/wp-content\/uploads\/2019\/02\/1966.jpg\",\"contentUrl\":\"https:\/\/www.egetuerk.de\/wp-content\/uploads\/2019\/02\/1966.jpg\"},{\"@type\":\"BreadcrumbList\",\"@id\":\"https:\/\/www.egetuerk.de\/tr\/tari%cc%87hce\/#breadcrumb\",\"itemListElement\":[{\"@type\":\"ListItem\",\"position\":1,\"name\":\"Startseite\",\"item\":\"https:\/\/www.egetuerk.de\/tr\/\"},{\"@type\":\"ListItem\",\"position\":2,\"name\":\"Tarih\u00e7e\"}]},{\"@type\":\"WebSite\",\"@id\":\"https:\/\/www.egetuerk.de\/#website\",\"url\":\"https:\/\/www.egetuerk.de\/\",\"name\":\"Eget\u00fcrk\",\"description\":\"\",\"potentialAction\":[{\"@type\":\"SearchAction\",\"target\":{\"@type\":\"EntryPoint\",\"urlTemplate\":\"https:\/\/www.egetuerk.de\/?s={search_term_string}\"},\"query-input\":{\"@type\":\"PropertyValueSpecification\",\"valueRequired\":true,\"valueName\":\"search_term_string\"}}],\"inLanguage\":\"tr\"}]}<\/script>\n<!-- \/ Yoast SEO plugin. -->","yoast_head_json":{"title":"Tarih\u00e7e | Egetu\u0308rk","robots":{"index":"index","follow":"follow","max-snippet":"max-snippet:-1","max-image-preview":"max-image-preview:large","max-video-preview":"max-video-preview:-1"},"canonical":"https:\/\/www.egetuerk.de\/tr\/tari\u0307hce\/","og_locale":"tr_TR","og_type":"article","og_title":"Tarih\u00e7e | Egetu\u0308rk","og_description":"Muhte\u015fem bir fikrin nas\u0131l d\u00fcnyaca sevilen bir markaya d\u00f6n\u00fc\u015ft\u00fc\u011f\u00fcn\u00fc ve Eget\u00fcrk \u00fcr\u00fcnlerinin \u00e7ok \u00f6zel tad\u0131n\u0131n arkas\u0131nda yatan s\u0131rr\u0131 burada anlat\u0131yoruz...","og_url":"https:\/\/www.egetuerk.de\/tr\/tari\u0307hce\/","og_site_name":"Eget\u00fcrk","article_modified_time":"2023-03-13T15:14:05+00:00","og_image":[{"url":"https:\/\/www.egetuerk.de\/wp-content\/uploads\/2019\/02\/1966.jpg","type":"","width":"","height":""}],"twitter_card":"summary_large_image","twitter_misc":{"Tahmini okuma s\u00fcresi":"3 dakika"},"schema":{"@context":"https:\/\/schema.org","@graph":[{"@type":"WebPage","@id":"https:\/\/www.egetuerk.de\/tr\/tari%cc%87hce\/","url":"https:\/\/www.egetuerk.de\/tr\/tari%cc%87hce\/","name":"Tarih\u00e7e | Egetu\u0308rk","isPartOf":{"@id":"https:\/\/www.egetuerk.de\/#website"},"primaryImageOfPage":{"@id":"https:\/\/www.egetuerk.de\/tr\/tari%cc%87hce\/#primaryimage"},"image":{"@id":"https:\/\/www.egetuerk.de\/tr\/tari%cc%87hce\/#primaryimage"},"thumbnailUrl":"https:\/\/www.egetuerk.de\/wp-content\/uploads\/2019\/02\/1966.jpg","datePublished":"2019-01-04T09:28:00+00:00","dateModified":"2023-03-13T15:14:05+00:00","breadcrumb":{"@id":"https:\/\/www.egetuerk.de\/tr\/tari%cc%87hce\/#breadcrumb"},"inLanguage":"tr","potentialAction":[{"@type":"ReadAction","target":["https:\/\/www.egetuerk.de\/tr\/tari%cc%87hce\/"]}]},{"@type":"ImageObject","inLanguage":"tr","@id":"https:\/\/www.egetuerk.de\/tr\/tari%cc%87hce\/#primaryimage","url":"https:\/\/www.egetuerk.de\/wp-content\/uploads\/2019\/02\/1966.jpg","contentUrl":"https:\/\/www.egetuerk.de\/wp-content\/uploads\/2019\/02\/1966.jpg"},{"@type":"BreadcrumbList","@id":"https:\/\/www.egetuerk.de\/tr\/tari%cc%87hce\/#breadcrumb","itemListElement":[{"@type":"ListItem","position":1,"name":"Startseite","item":"https:\/\/www.egetuerk.de\/tr\/"},{"@type":"ListItem","position":2,"name":"Tarih\u00e7e"}]},{"@type":"WebSite","@id":"https:\/\/www.egetuerk.de\/#website","url":"https:\/\/www.egetuerk.de\/","name":"Eget\u00fcrk","description":"","potentialAction":[{"@type":"SearchAction","target":{"@type":"EntryPoint","urlTemplate":"https:\/\/www.egetuerk.de\/?s={search_term_string}"},"query-input":{"@type":"PropertyValueSpecification","valueRequired":true,"valueName":"search_term_string"}}],"inLanguage":"tr"}]}},"_links":{"self":[{"href":"https:\/\/www.egetuerk.de\/tr\/wp-json\/wp\/v2\/pages\/4051","targetHints":{"allow":["GET"]}}],"collection":[{"href":"https:\/\/www.egetuerk.de\/tr\/wp-json\/wp\/v2\/pages"}],"about":[{"href":"https:\/\/www.egetuerk.de\/tr\/wp-json\/wp\/v2\/types\/page"}],"author":[{"embeddable":true,"href":"https:\/\/www.egetuerk.de\/tr\/wp-json\/wp\/v2\/users\/1"}],"replies":[{"embeddable":true,"href":"https:\/\/www.egetuerk.de\/tr\/wp-json\/wp\/v2\/comments?post=4051"}],"version-history":[{"count":53,"href":"https:\/\/www.egetuerk.de\/tr\/wp-json\/wp\/v2\/pages\/4051\/revisions"}],"predecessor-version":[{"id":116168,"href":"https:\/\/www.egetuerk.de\/tr\/wp-json\/wp\/v2\/pages\/4051\/revisions\/116168"}],"wp:attachment":[{"href":"https:\/\/www.egetuerk.de\/tr\/wp-json\/wp\/v2\/media?parent=4051"}],"curies":[{"name":"wp","href":"https:\/\/api.w.org\/{rel}","templated":true}]}}