{"id":4050,"date":"2018-07-27T14:27:25","date_gmt":"2018-07-27T12:27:25","guid":{"rendered":"https:\/\/egetuerk.vorschau.xyz\/herstellung\/"},"modified":"2024-08-05T10:19:16","modified_gmt":"2024-08-05T08:19:16","slug":"tesi%cc%87si%cc%87mi%cc%87z","status":"publish","type":"page","link":"https:\/\/www.egetuerk.de\/tr\/tesi%cc%87si%cc%87mi%cc%87z\/","title":{"rendered":"Tesi\u0307si\u0307mi\u0307z"},"content":{"rendered":"\n        <img decoding=\"async\" src=\"https:\/\/www.egetuerk.de\/wp-content\/uploads\/2019\/02\/05_0860_A4_cropped.png\" srcset=\"https:\/\/www.egetuerk.de\/wp-content\/uploads\/2019\/02\/05_0860_A4_cropped.png 3579w, https:\/\/www.egetuerk.de\/wp-content\/uploads\/2019\/02\/05_0860_A4_cropped-300x114.png 300w, https:\/\/www.egetuerk.de\/wp-content\/uploads\/2019\/02\/05_0860_A4_cropped-768x292.png 768w, https:\/\/www.egetuerk.de\/wp-content\/uploads\/2019\/02\/05_0860_A4_cropped-1024x389.png 1024w, https:\/\/www.egetuerk.de\/wp-content\/uploads\/2019\/02\/05_0860_A4_cropped-1600x608.png 1600w\">    \n\t<p>\u00dcRETIM<\/p>\n<h2>\n\t\tBa\u015far\u0131n\u0131n s\u0131rr\u0131\n\t<\/h2>\n\t<p>K\u00f6ln\u2019deki Eget\u00fcrk fabrikas\u0131; y\u00fcz\u00f6l\u00e7\u00fcm\u00fc, kapasitesi, otomasyon ve hijyen \u015fartlar\u0131yla, Avrupa \u00e7ap\u0131nda standartlar\u0131 belirleyen lider bir kurulu\u015ftur. Gelin birlikte K\u00f6ln\u2019deki fabrikam\u0131z\u0131 gezelim.<\/p>\n\t<iframe loading=\"lazy\" width=\"560\" height=\"315\" src=\"https:\/\/www.youtube-nocookie.com\/embed\/L-e_bIK_e2E\" frameborder=\"0\" allow=\"accelerometer; autoplay; encrypted-media; gyroscope; picture-in-picture\" allowfullscreen><\/iframe>\n    <img decoding=\"async\" src=\"https:\/\/www.egetuerk.de\/wp-content\/themes\/egetuerk-child\/files\/angle-left.svg\" \/> \n    <img decoding=\"async\" src=\"https:\/\/www.egetuerk.de\/wp-content\/themes\/egetuerk-child\/files\/angle-right.svg\" \/>\n        <p>\u00dcRET\u0130M TES\u0130SLER\u0130M\u0130Z<\/p><h2>Resim Galerisi<\/h2><video width=\"100%\" playsinline autoplay muted loop>\n                <source src=\"https:\/\/www.egetuerk.de\/wp-content\/uploads\/2024\/08\/1_produktionsflache_1.mp4\" type=\"video\/mp4\">\n              <\/video><p>Eget\u00fcrk bug\u00fcn 70.000 metrekarelik bir alanda, 63.000 metrekarelik kapal\u0131 alana sahip bir fabrikada \u00fcretim yapmaktad\u0131r. G\u00fcnde 150 ton sucuk \u00fcretimine sahip olan tesislerde hijyenin sa\u011flanmas\u0131, \u00fcretimin her a\u015famas\u0131nda g\u00f6zetilen en \u00f6nemli temel ilkedir.<\/p>\n<p>\u00dcRET\u0130M TES\u0130SLER\u0130M\u0130Z<\/p><h2>PROD\u00dcKS\u0130YON<\/h2><video width=\"100%\" playsinline autoplay muted loop>\n                <source src=\"https:\/\/www.egetuerk.de\/wp-content\/uploads\/2024\/08\/2_produktion_1_1.mp4\" type=\"video\/mp4\">\n              <\/video><p>Etler uzman kasaplar taraf\u0131ndan, mikrop bar\u0131nd\u0131rmayan poliamid masalarda kesilir. Etlerin do\u011franmas\u0131nda ise paslanmaz \u00e7elik giyotinler kullan\u0131l\u0131r.<\/p>\n<p>\u00dcRET\u0130M TES\u0130SLER\u0130M\u0130Z<\/p><h2>PROD\u00dcKS\u0130YON<\/h2><video width=\"100%\" playsinline autoplay muted loop>\n                <source src=\"https:\/\/www.egetuerk.de\/wp-content\/uploads\/2024\/08\/3_produktion_2_1.mp4\" type=\"video\/mp4\">\n              <\/video><p>Par\u00e7alanm\u0131\u015f etler sucuk ve salam \u00fcretimi i\u00e7in k\u0131yma makinelerinin bulundu\u011fu b\u00f6l\u00fcme al\u0131n\u0131r. K\u0131yma makinelerinde sinirlerinden ayr\u0131\u015ft\u0131r\u0131lan etler \u00fcr\u00fcnlere geleneksel lezzetini veren baharatlarla kar\u0131\u015ft\u0131r\u0131l\u0131r.<\/p>\n<p>\u00dcRET\u0130M TES\u0130SLER\u0130M\u0130Z<\/p><h2>PROD\u00dcKS\u0130YON<\/h2><video width=\"100%\" playsinline autoplay muted loop>\n                <source src=\"https:\/\/www.egetuerk.de\/wp-content\/uploads\/2024\/08\/4_produktion_3_1.mp4\" type=\"video\/mp4\">\n              <\/video><p>Bilgisayar donan\u0131ml\u0131 kuterlerde hamur halini alan kar\u0131\u015f\u0131m, paslanmaz \u00e7elik ta\u015f\u0131y\u0131c\u0131larla dolum makinelerine getirilir.<\/p>\n<p>\u00dcRET\u0130M TES\u0130SLER\u0130M\u0130Z<\/p><h2>SUCUK OLGUNLA\u015eTIRMA \u00dcN\u0130TELER\u0130<\/h2><video width=\"100%\" playsinline autoplay muted loop>\n                <source src=\"https:\/\/www.egetuerk.de\/wp-content\/uploads\/2024\/08\/5_reifeprozess_1.mp4\" type=\"video\/mp4\">\n              <\/video><p>\u00dcretimin her a\u015famas\u0131nda kalite kontrol\u00fcnden ge\u00e7en sucuklar, uygun kurulu\u011fa gelinceye kadar \u0131s\u0131s\u0131, nem oran\u0131 ve hava ak\u0131m\u0131 denetlenen klimal\u0131 \u00f6zel \u00fcnitelerde kurutulur.<\/p>\n<p>\u00dcRET\u0130M TES\u0130SLER\u0130M\u0130Z<\/p><h2>SALAM OLGUNLA\u015eTIRMA<\/h2><video width=\"100%\" playsinline autoplay muted loop>\n                <source src=\"https:\/\/www.egetuerk.de\/wp-content\/uploads\/2024\/08\/6_fleischgarung_1_1.mp4\" type=\"video\/mp4\">\n              <\/video><p>Pi\u015fmeye haz\u0131r hale gelen salamlar, dev f\u0131r\u0131nlarda \u0131s\u0131sal i\u015fleme tabi tutulur.<\/p>\n<p>\u00dcRET\u0130M TES\u0130SLER\u0130M\u0130Z<\/p><h2>SALAM OLGUNLA\u015eTIRMA<\/h2><video width=\"100%\" playsinline autoplay muted loop>\n                <source src=\"https:\/\/www.egetuerk.de\/wp-content\/uploads\/2024\/08\/7_fleischgarung_2_1.mp4\" type=\"video\/mp4\">\n              <\/video><p>Bu f\u0131r\u0131nlarda \u00f6zel du\u015f sistemleriyle so\u011futulan salamlar, dinlendirilmek \u00fczere so\u011fuk hava depolar\u0131na al\u0131n\u0131r.<\/p>\n<p>\u00dcRET\u0130M TES\u0130SLER\u0130M\u0130Z<\/p><h2>D\u0130L\u0130MLEME B\u00d6L\u00dcM\u00dc<\/h2><video width=\"100%\" playsinline autoplay muted loop>\n                <source src=\"https:\/\/www.egetuerk.de\/wp-content\/uploads\/2024\/08\/8_slicerraum_1.mp4\" type=\"video\/mp4\">\n              <\/video><p>Yeterli olgunlu\u011fa ula\u015fan salamlar dilimleme \u00fcnitesine al\u0131narak 100-250 graml\u0131k porsiyonlar olarak dilimlenerek ambalajlan\u0131r.<\/p>\n<p>\u00dcst\u00fcn hijyen standartlar\u0131nda olan dilimleme \u00fcnitesi y\u00fcksek bas\u0131n\u00e7 alt\u0131nda bakteri ve mikrop s\u0131zmalar\u0131na kar\u015f\u0131 korunakl\u0131d\u0131r. \u0130\u00e7eriye verilen hava \u00f6zel filtre sistemlerinden ge\u00e7mekte, bu sayede kesim yap\u0131lan dilimleme b\u00f6l\u00fcm\u00fcnde bir ameliyathanenin hijyen standartlar\u0131 sa\u011flanmaktad\u0131r.<\/p>\n<p>\u00dcRET\u0130M TES\u0130SLER\u0130M\u0130Z<\/p><h2>PAKETLEME ALANLARI<\/h2><video width=\"100%\" playsinline autoplay muted loop>\n                <source src=\"https:\/\/www.egetuerk.de\/wp-content\/uploads\/2024\/08\/9_verpackunsanlagen_1.mp4\" type=\"video\/mp4\">\n              <\/video><p>Paketlenmi\u015f \u00fcr\u00fcnler uygun formda preslenen kartonlar\u0131n i\u00e7ine yerle\u015ftirilir ve kolilenerek depo b\u00f6l\u00fcm\u00fcne aktar\u0131l\u0131r.<\/p>\n<p>\u00dcRET\u0130M TES\u0130SLER\u0130M\u0130Z<\/p><h2>KAL\u0130TE KONTROL<\/h2><video width=\"100%\" playsinline autoplay muted loop>\n                <source src=\"https:\/\/www.egetuerk.de\/wp-content\/uploads\/2024\/08\/10_qualitatskontrolle_1.mp4\" type=\"video\/mp4\">\n              <\/video><p>Sat\u0131\u015fa haz\u0131r \u00fcr\u00fcnlerden al\u0131nan \u00f6rnekler, gerekti\u011finde analiz edilmek \u00fczere son kullanma tarihlerine kadar tesislerde saklan\u0131r. Dayan\u0131kl\u0131l\u0131k ve gaz \u00f6l\u00e7\u00fcm testleri yap\u0131lan paketlenmi\u015f numuneler denetleme i\u00e7in ba\u011f\u0131ms\u0131z laboratuarlara g\u00f6nderilir.<\/p>\n<p>\u00dcRET\u0130M TES\u0130SLER\u0130M\u0130Z<\/p><h2>TEM\u0130ZL\u0130K A\u015eAMASI<\/h2><video width=\"100%\" playsinline autoplay muted loop>\n                <source src=\"https:\/\/www.egetuerk.de\/wp-content\/uploads\/2024\/08\/11_reinigung_1.mp4\" type=\"video\/mp4\">\n              <\/video><p>Her \u00fcretim g\u00fcn\u00fc sonunda b\u00fcy\u00fck bir titizlikle tesisin temizli\u011fi yap\u0131l\u0131r. Makineler ve \u00fcretim alanlar\u0131, k\u00f6p\u00fckl\u00fc temizlik malzemeleri ve bas\u0131n\u00e7l\u0131 suyla y\u0131kan\u0131r.<\/p>\n<p>\u00dcretim alanlar\u0131nda, dinlendirme ve depolama \u00fcnitelerinde asit ve kimyasallara kar\u015f\u0131 dayan\u0131kl\u0131, kir ve bakteri tutmayan fayanslar, karolar ve paslanmaz \u00e7elik koruyucular kullan\u0131lmaktad\u0131r.<\/p>\n<p>\u00dcRET\u0130M TES\u0130SLER\u0130M\u0130Z<\/p><h2>H\u0130JYEN STANDARTLARI<\/h2><video width=\"100%\" playsinline autoplay muted loop>\n                <source src=\"https:\/\/www.egetuerk.de\/wp-content\/uploads\/2024\/08\/12_hygienestandards_1_1.mp4\" type=\"video\/mp4\">\n              <\/video><p>Tesislerimiz, ba\u011f\u0131ms\u0131z sa\u011fl\u0131k kurulu\u015flar\u0131 tarafindan her g\u00fcn denetlenmektedir. \u00dcretimin ba\u015f\u0131ndan sonuna kadar en \u00fcst d\u00fczeyde sa\u011flanan hijyen standard\u0131, \u00e7al\u0131\u015fanlar\u0131n i\u015f k\u0131yafetlerinden, etlerin kesildi\u011fi alanlara, \u00fcretim makinelerinden dolum makinelerine, ambalaj ve paketleme alanlar\u0131na kadar her a\u015famada titizlikle kontrol edilir.<\/p>\n<p>\u00dcRET\u0130M TES\u0130SLER\u0130M\u0130Z<\/p><h2>KL\u0130MA A\u011eI<\/h2><video width=\"100%\" playsinline autoplay muted loop>\n                <source src=\"https:\/\/www.egetuerk.de\/wp-content\/uploads\/2024\/08\/13_klimatisierung_1.mp4\" type=\"video\/mp4\">\n              <\/video><p>Bu hijyen standard\u0131n\u0131n ba\u015fka bir aya\u011f\u0131 ise t\u00fcm tesislerde kullan\u0131lan klima sistemidir. T\u00fcm \u00fcretim alanlar\u0131n\u0131n s\u0131cakl\u0131\u011f\u0131 12\u00b0C\u2019(derece) nin alt\u0131nda tutulur.<\/p>\n<p>\u00dcRET\u0130M TES\u0130SLER\u0130M\u0130Z<\/p><h2>SO\u011eUK HAVA DEPOSU<\/h2><video width=\"100%\" playsinline autoplay muted loop>\n                <source src=\"https:\/\/www.egetuerk.de\/wp-content\/uploads\/2024\/08\/14_kuhlhaus_1.mp4\" type=\"video\/mp4\">\n              <\/video><p>Kartonlanan \u00fcr\u00fcnler bilgisayar kontroll\u00fc makinelerce el de\u011fmeden paletlenir ve 2.500 palet kapasiteli so\u011fuk hava deposuna otomatik bantlar yard\u0131m\u0131yla al\u0131n\u0131r. Paletlenmi\u015f \u00fcr\u00fcnler bilgisayar taraf\u0131ndan takip edilir ve giri\u015f s\u0131ras\u0131na g\u00f6re, fabrikay\u0131 terk edene kadar kontrol alt\u0131nda tutulurlar. B\u00f6ylelikle so\u011fuk hava zinciri k\u0131r\u0131lmadan tazeli\u011fini koruyan \u00fcr\u00fcnler, da\u011f\u0131t\u0131ma haz\u0131r hale gelir.<\/p>\n<p>\u00dcRET\u0130M TES\u0130SLER\u0130M\u0130Z<\/p><h2>DA\u011eITIM F\u0130LOSU<\/h2><video width=\"100%\" playsinline autoplay muted loop>\n                <source src=\"https:\/\/www.egetuerk.de\/wp-content\/uploads\/2024\/08\/15_fuhrpark_1.mp4\" type=\"video\/mp4\">\n              <\/video><p>Ayn\u0131 hijyen standard\u0131 da\u011f\u0131t\u0131m a\u015famas\u0131nda da korunarak, istenilen derecede so\u011futulmu\u015f \u00f6zel ara\u00e7larla, a\u011f\u0131rl\u0131kl\u0131 Asya ve Avrupa \u00fclkeleri olmak \u00fczere, d\u00fcnyan\u0131n d\u00f6rt bir yan\u0131na ula\u015ft\u0131r\u0131l\u0131r.<\/p>\n\t<br \/>\nSAYILAR\n<h2>\n\t\t\u00dcretim hakk\u0131nda\n\t<\/h2>\n\t\t\t\t<img decoding=\"async\" src=\"https:\/\/www.egetuerk.de\/wp-content\/uploads\/2019\/02\/produktionskapazitaet.svg\" alt=\"produktionskapazitaet\" itemprop=\"image\" height=\"\" width=\"\" title=\"produktionskapazitaet\" onerror=\"this.style.display='none'\"  \/>\n\t\t150\n\t\t\t\t\tTon g\u00fcnl\u00fck \u00fcretim kapasitesi\n\t\t\t\t<img decoding=\"async\" src=\"https:\/\/www.egetuerk.de\/wp-content\/uploads\/2019\/02\/produktionsflaeche.svg\" alt=\"produktionsflaeche\" itemprop=\"image\" height=\"\" width=\"\" title=\"produktionsflaeche\" onerror=\"this.style.display='none'\"  \/>\n\t\t63,000\n\t\t\t\t\tm\u00b2 \u00dcretim alan\u0131\n\t\t\t\t<img decoding=\"async\" src=\"https:\/\/www.egetuerk.de\/wp-content\/uploads\/2019\/02\/warenhaus.svg\" alt=\"warenhaus\" itemprop=\"image\" height=\"\" width=\"\" title=\"warenhaus\" onerror=\"this.style.display='none'\"  \/>\n\t\t2,750\n\t\t\t\t\tPalet depolama kapasitesi\n<!--\n-->\n        TAR\u0130H\u00c7ED\u00dcNDEN BUG\u00dcNE EGET\u00dcRKEget\u00fcrk&#8217;un yar\u0131m as\u0131rl\u0131k ba\u015far\u0131 \u00f6yk\u00fcs\u00fc.<a href=\"https:\/\/www.egetuerk.de\/tr\/tari%cc%87hce\/\">TAR\u0130H\u00c7E<\/a>    \n\t\t\t\t<img loading=\"lazy\" decoding=\"async\" src=\"https:\/\/www.egetuerk.de\/wp-content\/uploads\/2018\/08\/logo.svg\" alt=\"logo\" itemprop=\"image\" height=\"690\" width=\"1024\" title=\"logo\" onerror=\"this.style.display='none'\"  \/>\n<h3>\n\t\t<br> \n\t<\/h3>\n\t<strong>EGET\u00dcRK <\/strong><strong>WURST- UND<\/strong><br \/>\n<strong>FLEISCHWAREN\u00adFABRIKATION<\/strong><br \/>\n<strong>GMBH &amp; CO. KG<\/strong>\n<h3>\n\t\tAdres\n\t<\/h3>\n\tFeldkasseler Weg 5<br \/>\n50769 K\u00f6ln<br \/>\nAlmanya\n<h3>\n\t\t\u0130leti\u015fim\n\t<\/h3>\n\tTelefon: +49 (0) 221 \/ 709 29 &#8211; 0<br \/>\nFaks: +49 (0) 221 \/ 700 23 78<br \/>\nE-Posta: <strong><a href=\"mailto:info@egetuerk.de\">info@egetuerk.de<\/a><\/strong>\n\t<p>\u00a9 2026. T\u00fcm haklar\u0131 sakl\u0131d\u0131r. <div class=\"menu-footer_legal-tuerkisch-container\"><ul id=\"menu-footer_legal-tuerkisch\" class=\"menu\"><li id=\"menu-item-4061\" class=\"menu-item menu-item-type-post_type menu-item-object-page menu-item-4061\"><a href=\"https:\/\/www.egetuerk.de\/tr\/yasal-bilgiler\/\">Yasal Bilgiler<\/a><\/li>\n<li id=\"menu-item-4062\" class=\"menu-item menu-item-type-post_type menu-item-object-page menu-item-4062\"><a href=\"https:\/\/www.egetuerk.de\/tr\/guevenlik-ve-gizlilik\/\">G\u00fcvenlik ve Gizlilik<\/a><\/li>\n<\/ul><\/div><\/p>\n","protected":false},"excerpt":{"rendered":"<p>K\u00f6ln\u2019deki Eget\u00fcrk fabrikas\u0131; y\u00fcz\u00f6l\u00e7\u00fcm\u00fc, kapasitesi, otomasyon ve hijyen \u015fartlar\u0131yla, Avrupa \u00e7ap\u0131nda standartlar\u0131 belirleyen lider bir kurulu\u015ftur. Gelin birlikte K\u00f6ln\u2019deki fabrikam\u0131z\u0131 gezelim&#8230;<\/p>\n","protected":false},"author":1,"featured_media":0,"parent":0,"menu_order":0,"comment_status":"closed","ping_status":"closed","template":"","meta":{"_acf_changed":false,"inline_featured_image":false,"footnotes":""},"class_list":["post-4050","page","type-page","status-publish","hentry"],"acf":[],"yoast_head":"<!-- This site is optimized with the Yoast SEO plugin v27.2 - https:\/\/yoast.com\/product\/yoast-seo-wordpress\/ -->\n<title>\u00dcretim tesisimiz | Egetu\u0308rk<\/title>\n<meta name=\"robots\" content=\"index, follow, max-snippet:-1, max-image-preview:large, max-video-preview:-1\" \/>\n<link rel=\"canonical\" href=\"https:\/\/www.egetuerk.de\/tr\/tesi\u0307si\u0307mi\u0307z\/\" \/>\n<meta property=\"og:locale\" content=\"tr_TR\" \/>\n<meta property=\"og:type\" content=\"article\" \/>\n<meta property=\"og:title\" content=\"\u00dcretim tesisimiz | Egetu\u0308rk\" \/>\n<meta property=\"og:description\" content=\"K\u00f6ln\u2019deki Eget\u00fcrk fabrikas\u0131; y\u00fcz\u00f6l\u00e7\u00fcm\u00fc, kapasitesi, otomasyon ve hijyen \u015fartlar\u0131yla, Avrupa \u00e7ap\u0131nda standartlar\u0131 belirleyen lider bir kurulu\u015ftur. Gelin birlikte K\u00f6ln\u2019deki fabrikam\u0131z\u0131 gezelim...\" \/>\n<meta property=\"og:url\" content=\"https:\/\/www.egetuerk.de\/tr\/tesi\u0307si\u0307mi\u0307z\/\" \/>\n<meta property=\"og:site_name\" content=\"Eget\u00fcrk\" \/>\n<meta property=\"article:modified_time\" content=\"2024-08-05T08:19:16+00:00\" \/>\n<meta property=\"og:image\" content=\"https:\/\/www.egetuerk.de\/wp-content\/uploads\/2019\/02\/05_0860_A4_cropped.png\" \/>\n<meta name=\"twitter:card\" content=\"summary_large_image\" \/>\n<meta name=\"twitter:label1\" content=\"Tahmini okuma s\u00fcresi\" \/>\n\t<meta name=\"twitter:data1\" content=\"4 dakika\" \/>\n<script type=\"application\/ld+json\" class=\"yoast-schema-graph\">{\"@context\":\"https:\/\/schema.org\",\"@graph\":[{\"@type\":\"WebPage\",\"@id\":\"https:\/\/www.egetuerk.de\/tr\/tesi%cc%87si%cc%87mi%cc%87z\/\",\"url\":\"https:\/\/www.egetuerk.de\/tr\/tesi%cc%87si%cc%87mi%cc%87z\/\",\"name\":\"\u00dcretim tesisimiz | Egetu\u0308rk\",\"isPartOf\":{\"@id\":\"https:\/\/www.egetuerk.de\/#website\"},\"primaryImageOfPage\":{\"@id\":\"https:\/\/www.egetuerk.de\/tr\/tesi%cc%87si%cc%87mi%cc%87z\/#primaryimage\"},\"image\":{\"@id\":\"https:\/\/www.egetuerk.de\/tr\/tesi%cc%87si%cc%87mi%cc%87z\/#primaryimage\"},\"thumbnailUrl\":\"https:\/\/www.egetuerk.de\/wp-content\/uploads\/2019\/02\/05_0860_A4_cropped.png\",\"datePublished\":\"2018-07-27T12:27:25+00:00\",\"dateModified\":\"2024-08-05T08:19:16+00:00\",\"breadcrumb\":{\"@id\":\"https:\/\/www.egetuerk.de\/tr\/tesi%cc%87si%cc%87mi%cc%87z\/#breadcrumb\"},\"inLanguage\":\"tr\",\"potentialAction\":[{\"@type\":\"ReadAction\",\"target\":[\"https:\/\/www.egetuerk.de\/tr\/tesi%cc%87si%cc%87mi%cc%87z\/\"]}]},{\"@type\":\"ImageObject\",\"inLanguage\":\"tr\",\"@id\":\"https:\/\/www.egetuerk.de\/tr\/tesi%cc%87si%cc%87mi%cc%87z\/#primaryimage\",\"url\":\"https:\/\/www.egetuerk.de\/wp-content\/uploads\/2019\/02\/05_0860_A4_cropped.png\",\"contentUrl\":\"https:\/\/www.egetuerk.de\/wp-content\/uploads\/2019\/02\/05_0860_A4_cropped.png\"},{\"@type\":\"BreadcrumbList\",\"@id\":\"https:\/\/www.egetuerk.de\/tr\/tesi%cc%87si%cc%87mi%cc%87z\/#breadcrumb\",\"itemListElement\":[{\"@type\":\"ListItem\",\"position\":1,\"name\":\"Startseite\",\"item\":\"https:\/\/www.egetuerk.de\/tr\/\"},{\"@type\":\"ListItem\",\"position\":2,\"name\":\"Tesi\u0307si\u0307mi\u0307z\"}]},{\"@type\":\"WebSite\",\"@id\":\"https:\/\/www.egetuerk.de\/#website\",\"url\":\"https:\/\/www.egetuerk.de\/\",\"name\":\"Eget\u00fcrk\",\"description\":\"\",\"potentialAction\":[{\"@type\":\"SearchAction\",\"target\":{\"@type\":\"EntryPoint\",\"urlTemplate\":\"https:\/\/www.egetuerk.de\/?s={search_term_string}\"},\"query-input\":{\"@type\":\"PropertyValueSpecification\",\"valueRequired\":true,\"valueName\":\"search_term_string\"}}],\"inLanguage\":\"tr\"}]}<\/script>\n<!-- \/ Yoast SEO plugin. -->","yoast_head_json":{"title":"\u00dcretim tesisimiz | Egetu\u0308rk","robots":{"index":"index","follow":"follow","max-snippet":"max-snippet:-1","max-image-preview":"max-image-preview:large","max-video-preview":"max-video-preview:-1"},"canonical":"https:\/\/www.egetuerk.de\/tr\/tesi\u0307si\u0307mi\u0307z\/","og_locale":"tr_TR","og_type":"article","og_title":"\u00dcretim tesisimiz | Egetu\u0308rk","og_description":"K\u00f6ln\u2019deki Eget\u00fcrk fabrikas\u0131; y\u00fcz\u00f6l\u00e7\u00fcm\u00fc, kapasitesi, otomasyon ve hijyen \u015fartlar\u0131yla, Avrupa \u00e7ap\u0131nda standartlar\u0131 belirleyen lider bir kurulu\u015ftur. Gelin birlikte K\u00f6ln\u2019deki fabrikam\u0131z\u0131 gezelim...","og_url":"https:\/\/www.egetuerk.de\/tr\/tesi\u0307si\u0307mi\u0307z\/","og_site_name":"Eget\u00fcrk","article_modified_time":"2024-08-05T08:19:16+00:00","og_image":[{"url":"https:\/\/www.egetuerk.de\/wp-content\/uploads\/2019\/02\/05_0860_A4_cropped.png","type":"","width":"","height":""}],"twitter_card":"summary_large_image","twitter_misc":{"Tahmini okuma s\u00fcresi":"4 dakika"},"schema":{"@context":"https:\/\/schema.org","@graph":[{"@type":"WebPage","@id":"https:\/\/www.egetuerk.de\/tr\/tesi%cc%87si%cc%87mi%cc%87z\/","url":"https:\/\/www.egetuerk.de\/tr\/tesi%cc%87si%cc%87mi%cc%87z\/","name":"\u00dcretim tesisimiz | Egetu\u0308rk","isPartOf":{"@id":"https:\/\/www.egetuerk.de\/#website"},"primaryImageOfPage":{"@id":"https:\/\/www.egetuerk.de\/tr\/tesi%cc%87si%cc%87mi%cc%87z\/#primaryimage"},"image":{"@id":"https:\/\/www.egetuerk.de\/tr\/tesi%cc%87si%cc%87mi%cc%87z\/#primaryimage"},"thumbnailUrl":"https:\/\/www.egetuerk.de\/wp-content\/uploads\/2019\/02\/05_0860_A4_cropped.png","datePublished":"2018-07-27T12:27:25+00:00","dateModified":"2024-08-05T08:19:16+00:00","breadcrumb":{"@id":"https:\/\/www.egetuerk.de\/tr\/tesi%cc%87si%cc%87mi%cc%87z\/#breadcrumb"},"inLanguage":"tr","potentialAction":[{"@type":"ReadAction","target":["https:\/\/www.egetuerk.de\/tr\/tesi%cc%87si%cc%87mi%cc%87z\/"]}]},{"@type":"ImageObject","inLanguage":"tr","@id":"https:\/\/www.egetuerk.de\/tr\/tesi%cc%87si%cc%87mi%cc%87z\/#primaryimage","url":"https:\/\/www.egetuerk.de\/wp-content\/uploads\/2019\/02\/05_0860_A4_cropped.png","contentUrl":"https:\/\/www.egetuerk.de\/wp-content\/uploads\/2019\/02\/05_0860_A4_cropped.png"},{"@type":"BreadcrumbList","@id":"https:\/\/www.egetuerk.de\/tr\/tesi%cc%87si%cc%87mi%cc%87z\/#breadcrumb","itemListElement":[{"@type":"ListItem","position":1,"name":"Startseite","item":"https:\/\/www.egetuerk.de\/tr\/"},{"@type":"ListItem","position":2,"name":"Tesi\u0307si\u0307mi\u0307z"}]},{"@type":"WebSite","@id":"https:\/\/www.egetuerk.de\/#website","url":"https:\/\/www.egetuerk.de\/","name":"Eget\u00fcrk","description":"","potentialAction":[{"@type":"SearchAction","target":{"@type":"EntryPoint","urlTemplate":"https:\/\/www.egetuerk.de\/?s={search_term_string}"},"query-input":{"@type":"PropertyValueSpecification","valueRequired":true,"valueName":"search_term_string"}}],"inLanguage":"tr"}]}},"_links":{"self":[{"href":"https:\/\/www.egetuerk.de\/tr\/wp-json\/wp\/v2\/pages\/4050","targetHints":{"allow":["GET"]}}],"collection":[{"href":"https:\/\/www.egetuerk.de\/tr\/wp-json\/wp\/v2\/pages"}],"about":[{"href":"https:\/\/www.egetuerk.de\/tr\/wp-json\/wp\/v2\/types\/page"}],"author":[{"embeddable":true,"href":"https:\/\/www.egetuerk.de\/tr\/wp-json\/wp\/v2\/users\/1"}],"replies":[{"embeddable":true,"href":"https:\/\/www.egetuerk.de\/tr\/wp-json\/wp\/v2\/comments?post=4050"}],"version-history":[{"count":88,"href":"https:\/\/www.egetuerk.de\/tr\/wp-json\/wp\/v2\/pages\/4050\/revisions"}],"predecessor-version":[{"id":116418,"href":"https:\/\/www.egetuerk.de\/tr\/wp-json\/wp\/v2\/pages\/4050\/revisions\/116418"}],"wp:attachment":[{"href":"https:\/\/www.egetuerk.de\/tr\/wp-json\/wp\/v2\/media?parent=4050"}],"curies":[{"name":"wp","href":"https:\/\/api.w.org\/{rel}","templated":true}]}}